{"id":355,"date":"2016-09-24T14:40:14","date_gmt":"2016-09-24T12:40:14","guid":{"rendered":"http:\/\/fitness2.mythemecloud.io\/?page_id=355"},"modified":"2025-06-24T11:06:15","modified_gmt":"2025-06-24T09:06:15","slug":"home","status":"publish","type":"page","link":"http:\/\/lesouffledelaforet-aemci-esf77.fr\/","title":{"rendered":"Accueil"},"content":{"rendered":"\t\t<div data-elementor-type=\"wp-page\" data-elementor-id=\"355\" class=\"elementor elementor-355\">\n\t\t\t\t\t\t\t\t\t<section class=\"elementor-section elementor-top-section elementor-element elementor-element-arduvcg elementor-section-full_width elementor-section-content-middle elementor-section-height-min-height elementor-section-height-default elementor-section-items-middle elementor-invisible\" data-id=\"arduvcg\" data-element_type=\"section\" data-settings=\"{&quot;background_background&quot;:&quot;classic&quot;,&quot;animation&quot;:&quot;zoomIn&quot;}\">\n\t\t\t\t\t\t\t<div class=\"elementor-background-overlay\"><\/div>\n\t\t\t\t\t\t\t<div class=\"elementor-container elementor-column-gap-default\">\n\t\t\t\t\t<div class=\"elementor-column elementor-col-100 elementor-top-column elementor-element elementor-element-82248ba\" data-id=\"82248ba\" data-element_type=\"column\">\n\t\t\t<div class=\"elementor-widget-wrap\">\n\t\t\t\t\t\t\t\t\t<\/div>\n\t\t<\/div>\n\t\t\t\t\t\t\t<\/div>\n\t\t<\/section>\n\t\t\t\t<section class=\"elementor-section elementor-top-section elementor-element elementor-element-vnynvjk elementor-section-boxed elementor-section-height-default elementor-section-height-default\" data-id=\"vnynvjk\" data-element_type=\"section\">\n\t\t\t\t\t\t<div class=\"elementor-container elementor-column-gap-default\">\n\t\t\t\t\t<div class=\"elementor-column elementor-col-100 elementor-top-column elementor-element elementor-element-pjfmwov\" data-id=\"pjfmwov\" data-element_type=\"column\">\n\t\t\t<div class=\"elementor-widget-wrap elementor-element-populated\">\n\t\t\t\t\t\t\t\t<div class=\"elementor-element elementor-element-b5729da elementor-widget elementor-widget-spacer\" data-id=\"b5729da\" data-element_type=\"widget\" data-widget_type=\"spacer.default\">\n\t\t\t\t<div class=\"elementor-widget-container\">\n\t\t\t\t\t<div class=\"elementor-spacer\">\n\t\t\t<div class=\"elementor-spacer-inner\"><\/div>\n\t\t<\/div>\n\t\t\t\t<\/div>\n\t\t\t\t<\/div>\n\t\t\t\t<div class=\"elementor-element elementor-element-wzrxkkb elementor-widget elementor-widget-heading\" data-id=\"wzrxkkb\" data-element_type=\"widget\" data-widget_type=\"heading.default\">\n\t\t\t\t<div class=\"elementor-widget-container\">\n\t\t\t<h2 class=\"elementor-heading-title elementor-size-default\">Bienvenue au Souffle de la For\u00eat !<\/h2>\t\t<\/div>\n\t\t\t\t<\/div>\n\t\t\t\t<div class=\"elementor-element elementor-element-vufcitf elementor-widget-divider--view-line elementor-widget elementor-widget-divider\" data-id=\"vufcitf\" data-element_type=\"widget\" data-widget_type=\"divider.default\">\n\t\t\t\t<div class=\"elementor-widget-container\">\n\t\t\t\t\t<div class=\"elementor-divider\">\n\t\t\t<span class=\"elementor-divider-separator\">\n\t\t\t\t\t\t<\/span>\n\t\t<\/div>\n\t\t\t\t<\/div>\n\t\t\t\t<\/div>\n\t\t\t\t<div class=\"elementor-element elementor-element-98b49c5 elementor-widget elementor-widget-text-editor\" data-id=\"98b49c5\" data-element_type=\"widget\" data-widget_type=\"text-editor.default\">\n\t\t\t\t<div class=\"elementor-widget-container\">\n\t\t\t\t\t\t\t<p>5<strong>Notre association, plac\u00e9e sous l&rsquo;\u00e9gide de l&rsquo;ESF77 (Entente Sportive de la For\u00eat) est n\u00e9e il y a plus de 20 ans.<\/strong><\/p><p>Baptis\u00e9e r\u00e9cemment \u00ab\u00a0Le Souffle de le For\u00eat\u00a0\u00bb, elle accueille une centaine de membres, tout public, jeunes, moins jeunes, hommes, femmes, sportifs comme non sportifs, \u00e0 la recherche d&rsquo;un mieux \u00eatre.<\/p><p>Chacune, chacun vient s&rsquo;y \u00e9panouir, dans une ambiance chaleureuse, d\u00e9nu\u00e9e de tout esprit de comp\u00e9tition, et progresse \u00e0 son rythme, en fonction de ses possibilit\u00e9s, dans un climat bienveillant.<\/p><p>Notre association vous propose deux disciplines dont la pratique r\u00e9guli\u00e8re contribue au bien-\u00eatre, au maintien et \u00e0 l&rsquo;am\u00e9lioration de la sant\u00e9. Elles s&rsquo;inscrivent tout particuli\u00e8rement dans la d\u00e9marche \u00ab\u00a0sport sant\u00e9\u00a0\u00bb, initi\u00e9e par les institutions publiques.<\/p><p><strong>Nos cours recommencent le 15 septembre 2025, il possible de faire 2 cours d&rsquo;essai avant de s&rsquo;inscrire.<\/strong><\/p><div id=\"sconnect-is-installed\" style=\"display: none;\">2.15.0.<\/div>\t\t\t\t\t\t<\/div>\n\t\t\t\t<\/div>\n\t\t\t\t<section class=\"elementor-section elementor-inner-section elementor-element elementor-element-wetlkxn elementor-section-boxed elementor-section-height-default elementor-section-height-default\" data-id=\"wetlkxn\" data-element_type=\"section\">\n\t\t\t\t\t\t<div class=\"elementor-container elementor-column-gap-default\">\n\t\t\t\t\t<div class=\"elementor-column elementor-col-50 elementor-inner-column elementor-element elementor-element-oiqxoym\" data-id=\"oiqxoym\" data-element_type=\"column\">\n\t\t\t<div class=\"elementor-widget-wrap elementor-element-populated\">\n\t\t\t\t\t\t\t\t<div class=\"elementor-element elementor-element-afcmldk elementor-widget elementor-widget-heading\" data-id=\"afcmldk\" data-element_type=\"widget\" data-widget_type=\"heading.default\">\n\t\t\t\t<div class=\"elementor-widget-container\">\n\t\t\t<h2 class=\"elementor-heading-title elementor-size-default\">Taichi Chuan<\/h2>\t\t<\/div>\n\t\t\t\t<\/div>\n\t\t\t\t<div class=\"elementor-element elementor-element-oowxfkk elementor-widget elementor-widget-text-editor\" data-id=\"oowxfkk\" data-element_type=\"widget\" data-widget_type=\"text-editor.default\">\n\t\t\t\t<div class=\"elementor-widget-container\">\n\t\t\t\t\t\t\t<p><span style=\"color: #000000;\">Art martial interne chinois qui se pratique \u00e0 mains nues et avec armes (b\u00e2ton, \u00e9p\u00e9e, sabre, \u00e9ventail\u2026), bas\u00e9 sur l\u2019ex\u00e9cution d\u2019une gestuelle lente et continue.<\/span><\/p><p style=\"text-align: left;\"><span style=\"color: #000000;\">Dans notre \u00e9cole, notre professeur enseigne une forme de style Yang, de l\u2019\u00e9cole Li Guang Hua, \u00ab la forme des 108 \u00bb. Elle correspond \u00e0 un encha\u00eenement de 108 mouvements r\u00e9partis en trois parties, La Terre, L\u2019Homme et Le Ciel.<\/span><\/p><p style=\"text-align: left;\"><span style=\"color: #000000;\">Le Taichi Chuan assouplit les articulations, favorise la m\u00e9morisation, la coordination et la concentration. Il nous apprend le contr\u00f4le et la ma\u00eetrise de chaque mouvement qui doit \u00eatre pr\u00e9cis et harmonieux. Cette discipline permet une bonne circulation de l\u2019\u00e9nergie dans tout notre corps, nous ouvre les portes de l\u2019humilit\u00e9, de la patience et de la tol\u00e9rance o\u00f9 chacun progresse \u00e0 son rythme en fonction de son \u00e2ge, de sa morphologie et de sa motivation.<\/span><\/p><p><a href=\"http:\/\/lesouffledelaforet-aemci-esf77.fr\/wp-content\/uploads\/2020\/08\/TAO-LU-de-la-forme..pdf\"><strong>LA LONGUE FORME (style Yang, \u00e9cole de Li Guang Hua)<\/strong><\/a><\/p><p><strong><a href=\"http:\/\/lesouffledelaforet-aemci-esf77.fr\/wp-content\/uploads\/2020\/08\/TAICHI-CHUAN-01.pdf\">TA\u00cfCHI CHUAN (style Yang, \u00e9cole de Li Guang Hua)<\/a><\/strong><\/p>\t\t\t\t\t\t<\/div>\n\t\t\t\t<\/div>\n\t\t\t\t<div class=\"elementor-element elementor-element-legksge elementor-widget elementor-widget-spacer\" data-id=\"legksge\" data-element_type=\"widget\" data-widget_type=\"spacer.default\">\n\t\t\t\t<div class=\"elementor-widget-container\">\n\t\t\t\t\t<div class=\"elementor-spacer\">\n\t\t\t<div class=\"elementor-spacer-inner\"><\/div>\n\t\t<\/div>\n\t\t\t\t<\/div>\n\t\t\t\t<\/div>\n\t\t\t\t\t<\/div>\n\t\t<\/div>\n\t\t\t\t<div class=\"elementor-column elementor-col-50 elementor-inner-column elementor-element elementor-element-vupdgst\" data-id=\"vupdgst\" data-element_type=\"column\">\n\t\t\t<div class=\"elementor-widget-wrap elementor-element-populated\">\n\t\t\t\t\t\t\t\t<div class=\"elementor-element elementor-element-ptomfrn elementor-widget elementor-widget-heading\" data-id=\"ptomfrn\" data-element_type=\"widget\" data-widget_type=\"heading.default\">\n\t\t\t\t<div class=\"elementor-widget-container\">\n\t\t\t<h2 class=\"elementor-heading-title elementor-size-default\">Qigong<\/h2>\t\t<\/div>\n\t\t\t\t<\/div>\n\t\t\t\t<div class=\"elementor-element elementor-element-abdsmck elementor-widget elementor-widget-text-editor\" data-id=\"abdsmck\" data-element_type=\"widget\" data-widget_type=\"text-editor.default\">\n\t\t\t\t<div class=\"elementor-widget-container\">\n\t\t\t\t\t\t\t<p style=\"text-align: left;\"><span style=\"color: #000000;\">C\u2019est un art interne chinois mill\u00e9naire !<\/span><\/p><p style=\"text-align: left;\"><span style=\"color: #000000;\">Il favorise par sa pratique une bonne circulation des flux \u00e9nerg\u00e9tiques dans notre \u00eatre. Cette discipline qui est une des \u00ab branches \u00bb de la pratique de la m\u00e9decine traditionnelle chinoise, non seulement entretient notre sant\u00e9 par la conduite du souffle, mais unifie le corps et l\u2019esprit, ouvre notre c\u0153ur\u2026 D\u00e9couvrir ou red\u00e9couvrir la souplesse de nos articulations, \u00e0 tout \u00e2ge, voir dispara\u00eetre des tensions, douleurs, se lib\u00e9rer du stress quotidien avec pour seule ordonnance m\u00e9dicale, un travail sur la prise de conscience, l\u2019\u00e9coute de soi, la m\u00e9morisation, la respiration, l\u2019ex\u00e9cution lente et harmonieuse de mouvements s\u2019adressant aux diff\u00e9rents syst\u00e8mes \u00e9nerg\u00e9tiques du corps.<\/span><\/p><p style=\"text-align: left;\"><span style=\"color: #000000;\">Trois\u00a0\u00e9coles sont repr\u00e9sent\u00e9es au sein de notre enseignement :<\/span><\/p><ul><li style=\"text-align: left;\"><span style=\"color: #000000;\">L\u2019\u00e9cole \u00ab Dao Yin Yang Sheng Gong \u00bb cr\u00e9\u00e9e par Ma\u00eetre Zhang Guang De, avec l\u2019\u00e9tude de la forme \u00ab Dao Yin Bao Jian Gong \u00bb (Qigong g\u00e9n\u00e9ral pour pr\u00e9server la sant\u00e9).<\/span><\/li><li style=\"text-align: left;\"><span style=\"color: #000000;\">L\u2019\u00e9cole \u00ab Wudang Sanfeng Kungfu School \u00bb cr\u00e9\u00e9e par Ma\u00eetre Yuan Li Min, avec l\u2019\u00e9tude de la forme \u00ab Les cinq animaux de Wudang \u00bb<\/span><\/li><li style=\"text-align: left;\"><span style=\"color: #000000;\">L\u2019\u00e9cole \u00ab Ziran Qigong \u00bb\u00a0cr\u00e9\u00e9e par Ma\u00eetre Liu Deming<\/span><\/li><\/ul>\t\t\t\t\t\t<\/div>\n\t\t\t\t<\/div>\n\t\t\t\t<div class=\"elementor-element elementor-element-ybtwdsu elementor-widget elementor-widget-spacer\" data-id=\"ybtwdsu\" data-element_type=\"widget\" data-widget_type=\"spacer.default\">\n\t\t\t\t<div class=\"elementor-widget-container\">\n\t\t\t\t\t<div class=\"elementor-spacer\">\n\t\t\t<div class=\"elementor-spacer-inner\"><\/div>\n\t\t<\/div>\n\t\t\t\t<\/div>\n\t\t\t\t<\/div>\n\t\t\t\t\t<\/div>\n\t\t<\/div>\n\t\t\t\t\t\t\t<\/div>\n\t\t<\/section>\n\t\t\t\t\t<\/div>\n\t\t<\/div>\n\t\t\t\t\t\t\t<\/div>\n\t\t<\/section>\n\t\t\t\t<section class=\"elementor-section elementor-top-section elementor-element elementor-element-rejxuiu elementor-section-boxed elementor-section-height-default elementor-section-height-default\" data-id=\"rejxuiu\" data-element_type=\"section\" data-settings=\"{&quot;background_background&quot;:&quot;classic&quot;}\">\n\t\t\t\t\t\t\t<div class=\"elementor-background-overlay\"><\/div>\n\t\t\t\t\t\t\t<div class=\"elementor-container elementor-column-gap-default\">\n\t\t\t\t\t<div class=\"elementor-column elementor-col-100 elementor-top-column elementor-element elementor-element-qevarhe\" data-id=\"qevarhe\" data-element_type=\"column\">\n\t\t\t<div class=\"elementor-widget-wrap elementor-element-populated\">\n\t\t\t\t\t\t\t\t<div class=\"elementor-element elementor-element-a312b5a elementor-widget elementor-widget-text-editor\" data-id=\"a312b5a\" data-element_type=\"widget\" data-widget_type=\"text-editor.default\">\n\t\t\t\t<div class=\"elementor-widget-container\">\n\t\t\t\t\t\t\t<p style=\"text-align: center;\">Ta\u00efchi chuan et Qigong<\/p>\t\t\t\t\t\t<\/div>\n\t\t\t\t<\/div>\n\t\t\t\t<div class=\"elementor-element elementor-element-fb381a2 elementor-widget elementor-widget-text-editor\" data-id=\"fb381a2\" data-element_type=\"widget\" data-widget_type=\"text-editor.default\">\n\t\t\t\t<div class=\"elementor-widget-container\">\n\t\t\t\t\t\t\t<p><span style=\"font-size: 14pt;\">Harmonie entre le corps et l&rsquo;esprit.<\/span><\/p><p><span style=\"font-size: large;\">Retrouver \u00e9nergie,\u00a0sant\u00e9, souplesse, mobilit\u00e9, vitalit\u00e9 et joie de vivre.<\/span><\/p><p><span style=\"font-size: 14pt;\">R\u00e9duire le stress, \u00e9liminer les tensions.<\/span><\/p>\t\t\t\t\t\t<\/div>\n\t\t\t\t<\/div>\n\t\t\t\t\t<\/div>\n\t\t<\/div>\n\t\t\t\t\t\t\t<\/div>\n\t\t<\/section>\n\t\t\t\t<section class=\"elementor-section elementor-top-section elementor-element elementor-element-ottxukh elementor-section-content-middle elementor-section-boxed elementor-section-height-default elementor-section-height-default\" data-id=\"ottxukh\" data-element_type=\"section\">\n\t\t\t\t\t\t<div class=\"elementor-container elementor-column-gap-default\">\n\t\t\t\t\t<div class=\"elementor-column elementor-col-100 elementor-top-column elementor-element elementor-element-fhhdcys\" data-id=\"fhhdcys\" data-element_type=\"column\">\n\t\t\t<div class=\"elementor-widget-wrap elementor-element-populated\">\n\t\t\t\t\t\t\t\t<div class=\"elementor-element elementor-element-qjxjzhx elementor-widget elementor-widget-heading\" data-id=\"qjxjzhx\" data-element_type=\"widget\" data-widget_type=\"heading.default\">\n\t\t\t\t<div class=\"elementor-widget-container\">\n\t\t\t<h2 class=\"elementor-heading-title elementor-size-default\">Notre enseignant<\/h2>\t\t<\/div>\n\t\t\t\t<\/div>\n\t\t\t\t<div class=\"elementor-element elementor-element-mxfdelq elementor-widget-divider--view-line elementor-widget elementor-widget-divider\" data-id=\"mxfdelq\" data-element_type=\"widget\" data-widget_type=\"divider.default\">\n\t\t\t\t<div class=\"elementor-widget-container\">\n\t\t\t\t\t<div class=\"elementor-divider\">\n\t\t\t<span class=\"elementor-divider-separator\">\n\t\t\t\t\t\t<\/span>\n\t\t<\/div>\n\t\t\t\t<\/div>\n\t\t\t\t<\/div>\n\t\t\t\t<div class=\"elementor-element elementor-element-bsdades elementor-widget elementor-widget-text-editor\" data-id=\"bsdades\" data-element_type=\"widget\" data-widget_type=\"text-editor.default\">\n\t\t\t\t<div class=\"elementor-widget-container\">\n\t\t\t\t\t\t\t<p>Professeur dipl\u00f4m\u00e9 : <strong>Patrick POTTIER<\/strong><\/p><ul><li><strong>CQP de la Faemc (F\u00e9d\u00e9ration des arts \u00e9nerg\u00e9tiques et martiaux chinois)<\/strong><ul><li>Qigong (4\u00e8me Duan)<\/li><li style=\"margin-bottom: 20px;\">Ta\u00efchi chuan (4\u00e8me Duan)<\/li><\/ul><\/li><li style=\"margin-bottom: 20px;\"><strong>Instructeur dipl\u00f4m\u00e9 en Ziran Qigong de la lign\u00e9e de Ma\u00eetre Liu Deming<\/strong><\/li><li style=\"margin-bottom: 20px;\"><strong>Dipl\u00f4m\u00e9 de l&rsquo;institut \u00ab\u00a0Les Temps du Corps\u00a0\u00bb en formation professionnelle de Qigong<\/strong><\/li><li style=\"margin-bottom: 20px;\"><strong>Habilitation sport sant\u00e9 en taichi chuan et qigong<\/strong><\/li><\/ul><div id=\"sconnect-is-installed\" style=\"display: none;\">2.15.0.0<\/div>\t\t\t\t\t\t<\/div>\n\t\t\t\t<\/div>\n\t\t\t\t\t<\/div>\n\t\t<\/div>\n\t\t\t\t\t\t\t<\/div>\n\t\t<\/section>\n\t\t\t\t<section class=\"elementor-section elementor-top-section elementor-element elementor-element-27dc148 elementor-section-boxed elementor-section-height-default elementor-section-height-default\" data-id=\"27dc148\" data-element_type=\"section\">\n\t\t\t\t\t\t<div class=\"elementor-container elementor-column-gap-default\">\n\t\t\t\t\t<div class=\"elementor-column elementor-col-100 elementor-top-column elementor-element elementor-element-cb62975\" data-id=\"cb62975\" data-element_type=\"column\">\n\t\t\t<div class=\"elementor-widget-wrap elementor-element-populated\">\n\t\t\t\t\t\t\t\t<div class=\"elementor-element elementor-element-6654654 elementor-widget elementor-widget-heading\" data-id=\"6654654\" data-element_type=\"widget\" data-widget_type=\"heading.default\">\n\t\t\t\t<div class=\"elementor-widget-container\">\n\t\t\t<h2 class=\"elementor-heading-title elementor-size-default\">O\u00d9 SOMMES-NOUS ?<\/h2>\t\t<\/div>\n\t\t\t\t<\/div>\n\t\t\t\t<div class=\"elementor-element elementor-element-cc05137 elementor-widget elementor-widget-text-editor\" data-id=\"cc05137\" data-element_type=\"widget\" data-widget_type=\"text-editor.default\">\n\t\t\t\t<div class=\"elementor-widget-container\">\n\t\t\t\t\t\t\t<p>Notre association compte une centaine de membres et est situ\u00e9e au sud de la Seine et Marne. <br \/>Nos cours sont dispens\u00e9s dans les communes d&rsquo;Ury (77), et d&rsquo;Amponville (77).<\/p>\t\t\t\t\t\t<\/div>\n\t\t\t\t<\/div>\n\t\t\t\t<div class=\"elementor-element elementor-element-dc61bba elementor-widget elementor-widget-google_maps\" data-id=\"dc61bba\" data-element_type=\"widget\" data-widget_type=\"google_maps.default\">\n\t\t\t\t<div class=\"elementor-widget-container\">\n\t\t\t\t\t<div class=\"elementor-custom-embed\">\n\t\t\t<iframe loading=\"lazy\"\n\t\t\t\t\tsrc=\"https:\/\/maps.google.com\/maps?q=1%20rue%20du%20Dr%20battesti%2077760%20la%20chapelle%20la%20reine&#038;t=m&#038;z=10&#038;output=embed&#038;iwloc=near\"\n\t\t\t\t\ttitle=\"1 rue du Dr battesti 77760 la chapelle la reine\"\n\t\t\t\t\taria-label=\"1 rue du Dr battesti 77760 la chapelle la reine\"\n\t\t\t><\/iframe>\n\t\t<\/div>\n\t\t\t\t<\/div>\n\t\t\t\t<\/div>\n\t\t\t\t\t<\/div>\n\t\t<\/div>\n\t\t\t\t\t\t\t<\/div>\n\t\t<\/section>\n\t\t\t\t\t\t\t<\/div>\n\t\t","protected":false},"excerpt":{"rendered":"<p>Bienvenue au Souffle de la For\u00eat ! 5Notre association, plac\u00e9e sous l&rsquo;\u00e9gide de l&rsquo;ESF77 (Entente Sportive de la For\u00eat) est n\u00e9e il y a plus de 20 ans. Baptis\u00e9e r\u00e9cemment \u00ab\u00a0Le Souffle de le For\u00eat\u00a0\u00bb, elle accueille une centaine de membres, tout public, jeunes, moins jeunes, hommes, femmes, sportifs comme non sportifs, \u00e0 la recherche [&hellip;]<\/p>\n","protected":false},"author":1,"featured_media":0,"parent":0,"menu_order":0,"comment_status":"closed","ping_status":"closed","template":"","meta":{"ocean_post_layout":"full-screen","ocean_both_sidebars_style":"","ocean_both_sidebars_content_width":0,"ocean_both_sidebars_sidebars_width":0,"ocean_sidebar":"0","ocean_second_sidebar":"0","ocean_disable_margins":"on","ocean_add_body_class":"","ocean_shortcode_before_top_bar":"","ocean_shortcode_after_top_bar":"","ocean_shortcode_before_header":"","ocean_shortcode_after_header":"","ocean_has_shortcode":"","ocean_shortcode_after_title":"","ocean_shortcode_before_footer_widgets":"","ocean_shortcode_after_footer_widgets":"","ocean_shortcode_before_footer_bottom":"","ocean_shortcode_after_footer_bottom":"","ocean_display_top_bar":"default","ocean_display_header":"default","ocean_header_style":"","ocean_center_header_left_menu":"0","ocean_custom_header_template":"0","ocean_custom_logo":0,"ocean_custom_retina_logo":0,"ocean_custom_logo_max_width":0,"ocean_custom_logo_tablet_max_width":0,"ocean_custom_logo_mobile_max_width":0,"ocean_custom_logo_max_height":0,"ocean_custom_logo_tablet_max_height":0,"ocean_custom_logo_mobile_max_height":0,"ocean_header_custom_menu":"0","ocean_menu_typo_font_family":"0","ocean_menu_typo_font_subset":"","ocean_menu_typo_font_size":0,"ocean_menu_typo_font_size_tablet":0,"ocean_menu_typo_font_size_mobile":0,"ocean_menu_typo_font_size_unit":"px","ocean_menu_typo_font_weight":"","ocean_menu_typo_font_weight_tablet":"","ocean_menu_typo_font_weight_mobile":"","ocean_menu_typo_transform":"","ocean_menu_typo_transform_tablet":"","ocean_menu_typo_transform_mobile":"","ocean_menu_typo_line_height":0,"ocean_menu_typo_line_height_tablet":0,"ocean_menu_typo_line_height_mobile":0,"ocean_menu_typo_line_height_unit":"","ocean_menu_typo_spacing":0,"ocean_menu_typo_spacing_tablet":0,"ocean_menu_typo_spacing_mobile":0,"ocean_menu_typo_spacing_unit":"","ocean_menu_link_color":"","ocean_menu_link_color_hover":"","ocean_menu_link_color_active":"","ocean_menu_link_background":"","ocean_menu_link_hover_background":"","ocean_menu_link_active_background":"","ocean_menu_social_links_bg":"","ocean_menu_social_hover_links_bg":"","ocean_menu_social_links_color":"","ocean_menu_social_hover_links_color":"","ocean_disable_title":"on","ocean_disable_heading":"default","ocean_post_title":"","ocean_post_subheading":"","ocean_post_title_style":"","ocean_post_title_background_color":"","ocean_post_title_background":0,"ocean_post_title_bg_image_position":"","ocean_post_title_bg_image_attachment":"","ocean_post_title_bg_image_repeat":"","ocean_post_title_bg_image_size":"","ocean_post_title_height":0,"ocean_post_title_bg_overlay":0.5,"ocean_post_title_bg_overlay_color":"","ocean_disable_breadcrumbs":"default","ocean_breadcrumbs_color":"","ocean_breadcrumbs_separator_color":"","ocean_breadcrumbs_links_color":"","ocean_breadcrumbs_links_hover_color":"","ocean_display_footer_widgets":"default","ocean_display_footer_bottom":"default","ocean_custom_footer_template":"0","footnotes":""},"class_list":["post-355","page","type-page","status-publish","hentry","entry"],"yoast_head":"<!-- This site is optimized with the Yoast SEO plugin v24.9 - https:\/\/yoast.com\/wordpress\/plugins\/seo\/ -->\n<title>Accueil - Le Souffle de la For\u00eat<\/title>\n<meta name=\"robots\" content=\"index, follow, max-snippet:-1, max-image-preview:large, max-video-preview:-1\" \/>\n<link rel=\"canonical\" href=\"http:\/\/lesouffledelaforet-aemci-esf77.fr\/\" \/>\n<meta property=\"og:locale\" content=\"fr_FR\" \/>\n<meta property=\"og:type\" content=\"article\" \/>\n<meta property=\"og:title\" content=\"Accueil - Le Souffle de la For\u00eat\" \/>\n<meta property=\"og:description\" content=\"Bienvenue au Souffle de la For\u00eat ! 5Notre association, plac\u00e9e sous l&rsquo;\u00e9gide de l&rsquo;ESF77 (Entente Sportive de la For\u00eat) est n\u00e9e il y a plus de 20 ans. Baptis\u00e9e r\u00e9cemment \u00ab\u00a0Le Souffle de le For\u00eat\u00a0\u00bb, elle accueille une centaine de membres, tout public, jeunes, moins jeunes, hommes, femmes, sportifs comme non sportifs, \u00e0 la recherche [&hellip;]\" \/>\n<meta property=\"og:url\" content=\"http:\/\/lesouffledelaforet-aemci-esf77.fr\/\" \/>\n<meta property=\"og:site_name\" content=\"Le Souffle de la For\u00eat\" \/>\n<meta property=\"article:modified_time\" content=\"2025-06-24T09:06:15+00:00\" \/>\n<meta property=\"og:image\" content=\"https:\/\/www.facebook.com\/LeSouffleDeLaForet\/\" \/>\n<meta name=\"twitter:card\" content=\"summary_large_image\" \/>\n<meta name=\"twitter:label1\" content=\"Dur\u00e9e de lecture estim\u00e9e\" \/>\n\t<meta name=\"twitter:data1\" content=\"4 minutes\" \/>\n<script type=\"application\/ld+json\" class=\"yoast-schema-graph\">{\"@context\":\"https:\/\/schema.org\",\"@graph\":[{\"@type\":\"WebPage\",\"@id\":\"http:\/\/lesouffledelaforet-aemci-esf77.fr\/\",\"url\":\"http:\/\/lesouffledelaforet-aemci-esf77.fr\/\",\"name\":\"Accueil - Le Souffle de la For\u00eat\",\"isPartOf\":{\"@id\":\"http:\/\/lesouffledelaforet-aemci-esf77.fr\/#website\"},\"datePublished\":\"2016-09-24T12:40:14+00:00\",\"dateModified\":\"2025-06-24T09:06:15+00:00\",\"breadcrumb\":{\"@id\":\"http:\/\/lesouffledelaforet-aemci-esf77.fr\/#breadcrumb\"},\"inLanguage\":\"fr-FR\",\"potentialAction\":[{\"@type\":\"ReadAction\",\"target\":[\"http:\/\/lesouffledelaforet-aemci-esf77.fr\/\"]}]},{\"@type\":\"BreadcrumbList\",\"@id\":\"http:\/\/lesouffledelaforet-aemci-esf77.fr\/#breadcrumb\",\"itemListElement\":[{\"@type\":\"ListItem\",\"position\":1,\"name\":\"Accueil\",\"item\":\"http:\/\/lesouffledelaforet-aemci-esf77.fr\/\"},{\"@type\":\"ListItem\",\"position\":2,\"name\":\"Accueil\"}]},{\"@type\":\"WebSite\",\"@id\":\"http:\/\/lesouffledelaforet-aemci-esf77.fr\/#website\",\"url\":\"http:\/\/lesouffledelaforet-aemci-esf77.fr\/\",\"name\":\"Le Souffle de la For\u00eat\",\"description\":\"Section AEMCI de l &#039;ESF 77 :  Art Energ\u00e9tique et Martial Chinois Interne\",\"publisher\":{\"@id\":\"http:\/\/lesouffledelaforet-aemci-esf77.fr\/#organization\"},\"potentialAction\":[{\"@type\":\"SearchAction\",\"target\":{\"@type\":\"EntryPoint\",\"urlTemplate\":\"http:\/\/lesouffledelaforet-aemci-esf77.fr\/?s={search_term_string}\"},\"query-input\":{\"@type\":\"PropertyValueSpecification\",\"valueRequired\":true,\"valueName\":\"search_term_string\"}}],\"inLanguage\":\"fr-FR\"},{\"@type\":\"Organization\",\"@id\":\"http:\/\/lesouffledelaforet-aemci-esf77.fr\/#organization\",\"name\":\"AEMCI ESF\",\"url\":\"http:\/\/lesouffledelaforet-aemci-esf77.fr\/\",\"logo\":{\"@type\":\"ImageObject\",\"inLanguage\":\"fr-FR\",\"@id\":\"http:\/\/lesouffledelaforet-aemci-esf77.fr\/#\/schema\/logo\/image\/\",\"url\":\"http:\/\/lesouffledelaforet-aemci-esf77.fr\/wp-content\/uploads\/2020\/08\/logo_flyer-2.png\",\"contentUrl\":\"http:\/\/lesouffledelaforet-aemci-esf77.fr\/wp-content\/uploads\/2020\/08\/logo_flyer-2.png\",\"width\":464,\"height\":516,\"caption\":\"AEMCI ESF\"},\"image\":{\"@id\":\"http:\/\/lesouffledelaforet-aemci-esf77.fr\/#\/schema\/logo\/image\/\"}}]}<\/script>\n<!-- \/ Yoast SEO plugin. -->","yoast_head_json":{"title":"Accueil - Le Souffle de la For\u00eat","robots":{"index":"index","follow":"follow","max-snippet":"max-snippet:-1","max-image-preview":"max-image-preview:large","max-video-preview":"max-video-preview:-1"},"canonical":"http:\/\/lesouffledelaforet-aemci-esf77.fr\/","og_locale":"fr_FR","og_type":"article","og_title":"Accueil - Le Souffle de la For\u00eat","og_description":"Bienvenue au Souffle de la For\u00eat ! 5Notre association, plac\u00e9e sous l&rsquo;\u00e9gide de l&rsquo;ESF77 (Entente Sportive de la For\u00eat) est n\u00e9e il y a plus de 20 ans. Baptis\u00e9e r\u00e9cemment \u00ab\u00a0Le Souffle de le For\u00eat\u00a0\u00bb, elle accueille une centaine de membres, tout public, jeunes, moins jeunes, hommes, femmes, sportifs comme non sportifs, \u00e0 la recherche [&hellip;]","og_url":"http:\/\/lesouffledelaforet-aemci-esf77.fr\/","og_site_name":"Le Souffle de la For\u00eat","article_modified_time":"2025-06-24T09:06:15+00:00","og_image":[{"url":"https:\/\/www.facebook.com\/LeSouffleDeLaForet\/","type":"","width":"","height":""}],"twitter_card":"summary_large_image","twitter_misc":{"Dur\u00e9e de lecture estim\u00e9e":"4 minutes"},"schema":{"@context":"https:\/\/schema.org","@graph":[{"@type":"WebPage","@id":"http:\/\/lesouffledelaforet-aemci-esf77.fr\/","url":"http:\/\/lesouffledelaforet-aemci-esf77.fr\/","name":"Accueil - Le Souffle de la For\u00eat","isPartOf":{"@id":"http:\/\/lesouffledelaforet-aemci-esf77.fr\/#website"},"datePublished":"2016-09-24T12:40:14+00:00","dateModified":"2025-06-24T09:06:15+00:00","breadcrumb":{"@id":"http:\/\/lesouffledelaforet-aemci-esf77.fr\/#breadcrumb"},"inLanguage":"fr-FR","potentialAction":[{"@type":"ReadAction","target":["http:\/\/lesouffledelaforet-aemci-esf77.fr\/"]}]},{"@type":"BreadcrumbList","@id":"http:\/\/lesouffledelaforet-aemci-esf77.fr\/#breadcrumb","itemListElement":[{"@type":"ListItem","position":1,"name":"Accueil","item":"http:\/\/lesouffledelaforet-aemci-esf77.fr\/"},{"@type":"ListItem","position":2,"name":"Accueil"}]},{"@type":"WebSite","@id":"http:\/\/lesouffledelaforet-aemci-esf77.fr\/#website","url":"http:\/\/lesouffledelaforet-aemci-esf77.fr\/","name":"Le Souffle de la For\u00eat","description":"Section AEMCI de l &#039;ESF 77 :  Art Energ\u00e9tique et Martial Chinois Interne","publisher":{"@id":"http:\/\/lesouffledelaforet-aemci-esf77.fr\/#organization"},"potentialAction":[{"@type":"SearchAction","target":{"@type":"EntryPoint","urlTemplate":"http:\/\/lesouffledelaforet-aemci-esf77.fr\/?s={search_term_string}"},"query-input":{"@type":"PropertyValueSpecification","valueRequired":true,"valueName":"search_term_string"}}],"inLanguage":"fr-FR"},{"@type":"Organization","@id":"http:\/\/lesouffledelaforet-aemci-esf77.fr\/#organization","name":"AEMCI ESF","url":"http:\/\/lesouffledelaforet-aemci-esf77.fr\/","logo":{"@type":"ImageObject","inLanguage":"fr-FR","@id":"http:\/\/lesouffledelaforet-aemci-esf77.fr\/#\/schema\/logo\/image\/","url":"http:\/\/lesouffledelaforet-aemci-esf77.fr\/wp-content\/uploads\/2020\/08\/logo_flyer-2.png","contentUrl":"http:\/\/lesouffledelaforet-aemci-esf77.fr\/wp-content\/uploads\/2020\/08\/logo_flyer-2.png","width":464,"height":516,"caption":"AEMCI ESF"},"image":{"@id":"http:\/\/lesouffledelaforet-aemci-esf77.fr\/#\/schema\/logo\/image\/"}}]}},"_links":{"self":[{"href":"http:\/\/lesouffledelaforet-aemci-esf77.fr\/index.php\/wp-json\/wp\/v2\/pages\/355","targetHints":{"allow":["GET"]}}],"collection":[{"href":"http:\/\/lesouffledelaforet-aemci-esf77.fr\/index.php\/wp-json\/wp\/v2\/pages"}],"about":[{"href":"http:\/\/lesouffledelaforet-aemci-esf77.fr\/index.php\/wp-json\/wp\/v2\/types\/page"}],"author":[{"embeddable":true,"href":"http:\/\/lesouffledelaforet-aemci-esf77.fr\/index.php\/wp-json\/wp\/v2\/users\/1"}],"replies":[{"embeddable":true,"href":"http:\/\/lesouffledelaforet-aemci-esf77.fr\/index.php\/wp-json\/wp\/v2\/comments?post=355"}],"version-history":[{"count":183,"href":"http:\/\/lesouffledelaforet-aemci-esf77.fr\/index.php\/wp-json\/wp\/v2\/pages\/355\/revisions"}],"predecessor-version":[{"id":5463,"href":"http:\/\/lesouffledelaforet-aemci-esf77.fr\/index.php\/wp-json\/wp\/v2\/pages\/355\/revisions\/5463"}],"wp:attachment":[{"href":"http:\/\/lesouffledelaforet-aemci-esf77.fr\/index.php\/wp-json\/wp\/v2\/media?parent=355"}],"curies":[{"name":"wp","href":"https:\/\/api.w.org\/{rel}","templated":true}]}}