{"id":72,"date":"2016-04-04T13:35:11","date_gmt":"2016-04-04T11:35:11","guid":{"rendered":"http:\/\/127.0.0.1:81\/wordpress\/?page_id=72"},"modified":"2026-01-06T16:58:19","modified_gmt":"2026-01-06T15:58:19","slug":"les-stages","status":"publish","type":"page","link":"http:\/\/lesouffledelaforet-aemci-esf77.fr\/index.php\/les-stages\/","title":{"rendered":"Les stages r\u00e9sidentiels"},"content":{"rendered":"\t\t<div data-elementor-type=\"wp-page\" data-elementor-id=\"72\" class=\"elementor elementor-72\">\n\t\t\t\t\t\t\t\t\t<section class=\"elementor-section elementor-top-section elementor-element elementor-element-42d47b9 elementor-section-boxed elementor-section-height-default elementor-section-height-default\" data-id=\"42d47b9\" data-element_type=\"section\">\n\t\t\t\t\t\t<div class=\"elementor-container elementor-column-gap-default\">\n\t\t\t\t\t<div class=\"elementor-column elementor-col-100 elementor-top-column elementor-element elementor-element-3f338eb\" data-id=\"3f338eb\" data-element_type=\"column\">\n\t\t\t<div class=\"elementor-widget-wrap elementor-element-populated\">\n\t\t\t\t\t\t\t\t<div class=\"elementor-element elementor-element-8c35f37 elementor-widget elementor-widget-heading\" data-id=\"8c35f37\" data-element_type=\"widget\" data-widget_type=\"heading.default\">\n\t\t\t\t<div class=\"elementor-widget-container\">\n\t\t\t<h2 class=\"elementor-heading-title elementor-size-default\">Stages r\u00e9sidentiels\n\u00e0 la Maison du Beuvray <br>\n(71990 St L\u00e9ger sous Beuvray)<\/h2>\t\t<\/div>\n\t\t\t\t<\/div>\n\t\t\t\t\t<\/div>\n\t\t<\/div>\n\t\t\t\t\t\t\t<\/div>\n\t\t<\/section>\n\t\t\t\t<section class=\"elementor-section elementor-top-section elementor-element elementor-element-a86a94f elementor-section-boxed elementor-section-height-default elementor-section-height-default\" data-id=\"a86a94f\" data-element_type=\"section\">\n\t\t\t\t\t\t<div class=\"elementor-container elementor-column-gap-default\">\n\t\t\t\t\t<div class=\"elementor-column elementor-col-100 elementor-top-column elementor-element elementor-element-fbfacea\" data-id=\"fbfacea\" data-element_type=\"column\">\n\t\t\t<div class=\"elementor-widget-wrap elementor-element-populated\">\n\t\t\t\t\t\t\t\t<div class=\"elementor-element elementor-element-6fae3bb elementor-widget elementor-widget-text-editor\" data-id=\"6fae3bb\" data-element_type=\"widget\" data-widget_type=\"text-editor.default\">\n\t\t\t\t<div class=\"elementor-widget-container\">\n\t\t\t\t\t\t\t<p>DU 19 AU 25 AVRIL 2026 :<br \/>STAGE QIGONG &#8211; Ziran qigong<\/p><p>Ouvert \u00e0 tout public, d\u00e9butant, avanc\u00e9 et confirm\u00e9.<\/p><p>Tarifs* :<br \/>Prix du stage : 350\u20ac<br \/>(couple : 290\u20ac\/personne)<\/p><p>H\u00e9bergement en pension compl\u00e8te :<br \/>en chambre simple: 92.60\u20ac par jour par personne<br \/>en chambre double: 70.60\u20ac par jour par personne<\/p><p>Arriv\u00e9e des stagiaires le dimanche 19 avril \u00e0 partir de 17h.<br \/>D\u00e9part des stagiaires le samedi 25 avril apr\u00e8s le petit d\u00e9jeuner.<\/p>\t\t\t\t\t\t<\/div>\n\t\t\t\t<\/div>\n\t\t\t\t<div class=\"elementor-element elementor-element-a95047f elementor-widget elementor-widget-image\" data-id=\"a95047f\" data-element_type=\"widget\" data-widget_type=\"image.default\">\n\t\t\t\t<div class=\"elementor-widget-container\">\n\t\t\t\t\t\t\t\t\t\t\t\t\t\t\t<img decoding=\"async\" width=\"1\" height=\"1\" src=\"http:\/\/lesouffledelaforet-aemci-esf77.fr\/wp-content\/uploads\/2024\/11\/IMG_7521.heic\" class=\"attachment-large size-large wp-image-5448\" alt=\"\" \/>\t\t\t\t\t\t\t\t\t\t\t\t\t\t\t<\/div>\n\t\t\t\t<\/div>\n\t\t\t\t<div class=\"elementor-element elementor-element-f766dd0 elementor-widget elementor-widget-text-editor\" data-id=\"f766dd0\" data-element_type=\"widget\" data-widget_type=\"text-editor.default\">\n\t\t\t\t<div class=\"elementor-widget-container\">\n\t\t\t\t\t\t\t<p>INSCRIPTION au stage de ZIRAN QIGONG du 19 au 25 AVRIL 2026<br \/>Le nombre de participants est limit\u00e9.<\/p><p><a href=\"https:\/\/forms.cloud.microsoft\/Pages\/ResponsePage.aspx?id=DQSIkWdsW0yxEjajBLZtrQAAAAAAAAAAAAMAAM05dGxUMFlPSlkxWTRGVTdXSDVJTkhJNTZZWDBOUC4u\"><b>CLIQUEZ ICI<\/b><\/a><\/p><p>\u00a0<\/p>\t\t\t\t\t\t<\/div>\n\t\t\t\t<\/div>\n\t\t\t\t\t<\/div>\n\t\t<\/div>\n\t\t\t\t\t\t\t<\/div>\n\t\t<\/section>\n\t\t\t\t<section class=\"elementor-section elementor-top-section elementor-element elementor-element-22393a1 elementor-section-boxed elementor-section-height-default elementor-section-height-default\" data-id=\"22393a1\" data-element_type=\"section\">\n\t\t\t\t\t\t<div class=\"elementor-container elementor-column-gap-default\">\n\t\t\t\t\t<div class=\"elementor-column elementor-col-100 elementor-top-column elementor-element elementor-element-d387db9\" data-id=\"d387db9\" data-element_type=\"column\">\n\t\t\t<div class=\"elementor-widget-wrap elementor-element-populated\">\n\t\t\t\t\t\t\t\t<div class=\"elementor-element elementor-element-9dcd067 elementor-widget elementor-widget-text-editor\" data-id=\"9dcd067\" data-element_type=\"widget\" data-widget_type=\"text-editor.default\">\n\t\t\t\t<div class=\"elementor-widget-container\">\n\t\t\t\t\t\t\t<p>DU 19 AU 25 JUILLET 2026 :<br \/>STAGE DE QIGONG \u2013 Wudang<\/p><p>Ouvert \u00e0 tout public, d\u00e9butant, avanc\u00e9 et confirm\u00e9.<\/p><p>Tarifs* :<br \/>Prix du stage : 350\u20ac<br \/>(couple : 290\u20ac\/personne)<\/p><p><em>*R\u00e9duction du tarif individuel :<\/em><br \/><em>1) Participation \u00e0 un premier stage r\u00e9sidentiel : 350\u20ac, si en couple : 290\u20ac\/personne<\/em><br \/><em>2) Participation \u00e0 un deuxi\u00e8me stage r\u00e9sidentiel : 250\u20ac, si en couple : 190\u20ac\/personne<\/em><\/p><p>H\u00e9bergement en pension compl\u00e8te :<br \/>en chambre simple: 92.60\u20ac par jour par personne<br \/>en chambre double: 70.60\u20ac par jour par personne<\/p><p>Arriv\u00e9e des stagiaires le dimanche 19 juillet \u00e0 partir de 17h.<br \/>D\u00e9part des stagiaires le samedi 25 juillet apr\u00e8s le petit d\u00e9jeuner.<\/p>\t\t\t\t\t\t<\/div>\n\t\t\t\t<\/div>\n\t\t\t\t<div class=\"elementor-element elementor-element-29d4fec elementor-widget elementor-widget-image\" data-id=\"29d4fec\" data-element_type=\"widget\" data-widget_type=\"image.default\">\n\t\t\t\t<div class=\"elementor-widget-container\">\n\t\t\t\t\t\t\t\t\t\t\t\t\t\t\t<img fetchpriority=\"high\" decoding=\"async\" width=\"1024\" height=\"768\" src=\"http:\/\/lesouffledelaforet-aemci-esf77.fr\/wp-content\/uploads\/2024\/11\/Compil-QG-Beuvray-2024-1024x768.jpg\" class=\"attachment-large size-large wp-image-5449\" alt=\"\" srcset=\"http:\/\/lesouffledelaforet-aemci-esf77.fr\/wp-content\/uploads\/2024\/11\/Compil-QG-Beuvray-2024-1024x768.jpg 1024w, http:\/\/lesouffledelaforet-aemci-esf77.fr\/wp-content\/uploads\/2024\/11\/Compil-QG-Beuvray-2024-300x225.jpg 300w, http:\/\/lesouffledelaforet-aemci-esf77.fr\/wp-content\/uploads\/2024\/11\/Compil-QG-Beuvray-2024-768x576.jpg 768w, http:\/\/lesouffledelaforet-aemci-esf77.fr\/wp-content\/uploads\/2024\/11\/Compil-QG-Beuvray-2024-1536x1152.jpg 1536w, http:\/\/lesouffledelaforet-aemci-esf77.fr\/wp-content\/uploads\/2024\/11\/Compil-QG-Beuvray-2024-2048x1536.jpg 2048w\" sizes=\"(max-width: 1024px) 100vw, 1024px\" \/>\t\t\t\t\t\t\t\t\t\t\t\t\t\t\t<\/div>\n\t\t\t\t<\/div>\n\t\t\t\t<div class=\"elementor-element elementor-element-3e51718 elementor-widget elementor-widget-text-editor\" data-id=\"3e51718\" data-element_type=\"widget\" data-widget_type=\"text-editor.default\">\n\t\t\t\t<div class=\"elementor-widget-container\">\n\t\t\t\t\t\t\t<p>INSCRIPTION au stage de QIGONG &#8211; WUDANG du 19 au 25 JUILLET 2026<br \/>Le nombre de participants est limit\u00e9.\u00a0<\/p><p><a href=\"https:\/\/forms.cloud.microsoft\/Pages\/ResponsePage.aspx?id=DQSIkWdsW0yxEjajBLZtrQAAAAAAAAAAAAMAAM05dGxUNEdTWjZKV0dBWEY1SlZEUUI2SUZTNlhaTi4u\"><b>CLIQUEZ ICI<\/b><\/a><\/p><p>\u00a0<\/p>\t\t\t\t\t\t<\/div>\n\t\t\t\t<\/div>\n\t\t\t\t\t<\/div>\n\t\t<\/div>\n\t\t\t\t\t\t\t<\/div>\n\t\t<\/section>\n\t\t\t\t<section class=\"elementor-section elementor-top-section elementor-element elementor-element-2d9b578 elementor-section-boxed elementor-section-height-default elementor-section-height-default\" data-id=\"2d9b578\" data-element_type=\"section\">\n\t\t\t\t\t\t<div class=\"elementor-container elementor-column-gap-default\">\n\t\t\t\t\t<div class=\"elementor-column elementor-col-100 elementor-top-column elementor-element elementor-element-8ac64be\" data-id=\"8ac64be\" data-element_type=\"column\">\n\t\t\t<div class=\"elementor-widget-wrap elementor-element-populated\">\n\t\t\t\t\t\t\t\t<div class=\"elementor-element elementor-element-ec9e0b4 elementor-widget elementor-widget-text-editor\" data-id=\"ec9e0b4\" data-element_type=\"widget\" data-widget_type=\"text-editor.default\">\n\t\t\t\t<div class=\"elementor-widget-container\">\n\t\t\t\t\t\t\t<p>DU 25 AU 31 JUILLET 2026 :<br>STAGE DE TAICHI CHUAN \u2013 Style Yang<\/p>\n<p>La longue forme (108 mouvements) est \u00e9tudi\u00e9e.<\/p>\n<p>Ouvert \u00e0 tout public, d\u00e9butant, avanc\u00e9 et confirm\u00e9.<\/p>\n<p>Tarifs* :<br>Prix du stage : 350\u20ac<br>(couple : 290\u20ac\/personne)<\/p>\n<p><em>*R\u00e9duction du tarif individuel :<\/em><br><em>1) Participation \u00e0 un premier stage r\u00e9sidentiel : 350\u20ac, si en couple : 290\u20ac\/personne<\/em><br><em>2) Participation \u00e0 un deuxi\u00e8me stage r\u00e9sidentiel : 250\u20ac, si en couple : 190\u20ac\/personne<\/em><br><em>3) Participation \u00e0 un troisi\u00e8me stage r\u00e9sidentiel : 200\u20ac, si en couple : 140\u20ac\/personne<\/em><\/p>\n<p>H\u00e9bergement en pension compl\u00e8te :<br>en chambre simple: 92.60\u20ac par jour par personne<br>en chambre double: 70.60\u20ac par jour par personne<\/p>\n<p>Arriv\u00e9e des stagiaires le samedi 25 juillet \u00e0 partir de 17h.<br>D\u00e9part des stagiaires le vendredi 31 juillet apr\u00e8s les cours<\/p>\t\t\t\t\t\t<\/div>\n\t\t\t\t<\/div>\n\t\t\t\t<div class=\"elementor-element elementor-element-185e8b7 elementor-widget elementor-widget-image\" data-id=\"185e8b7\" data-element_type=\"widget\" data-widget_type=\"image.default\">\n\t\t\t\t<div class=\"elementor-widget-container\">\n\t\t\t\t\t\t\t\t\t\t\t\t\t\t\t<img decoding=\"async\" width=\"1024\" height=\"768\" src=\"http:\/\/lesouffledelaforet-aemci-esf77.fr\/wp-content\/uploads\/2024\/11\/Compil-TCC-Beuvray-2024-1024x768.jpg\" class=\"attachment-large size-large wp-image-5450\" alt=\"\" srcset=\"http:\/\/lesouffledelaforet-aemci-esf77.fr\/wp-content\/uploads\/2024\/11\/Compil-TCC-Beuvray-2024-1024x768.jpg 1024w, http:\/\/lesouffledelaforet-aemci-esf77.fr\/wp-content\/uploads\/2024\/11\/Compil-TCC-Beuvray-2024-300x225.jpg 300w, http:\/\/lesouffledelaforet-aemci-esf77.fr\/wp-content\/uploads\/2024\/11\/Compil-TCC-Beuvray-2024-768x576.jpg 768w, http:\/\/lesouffledelaforet-aemci-esf77.fr\/wp-content\/uploads\/2024\/11\/Compil-TCC-Beuvray-2024-1536x1152.jpg 1536w, http:\/\/lesouffledelaforet-aemci-esf77.fr\/wp-content\/uploads\/2024\/11\/Compil-TCC-Beuvray-2024-2048x1536.jpg 2048w\" sizes=\"(max-width: 1024px) 100vw, 1024px\" \/>\t\t\t\t\t\t\t\t\t\t\t\t\t\t\t<\/div>\n\t\t\t\t<\/div>\n\t\t\t\t<div class=\"elementor-element elementor-element-554d01e elementor-widget elementor-widget-text-editor\" data-id=\"554d01e\" data-element_type=\"widget\" data-widget_type=\"text-editor.default\">\n\t\t\t\t<div class=\"elementor-widget-container\">\n\t\t\t\t\t\t\t<p>INSCRIPTION au stage de TAICHI CHUAN du 25 au 31 JUILLET 2026<br \/>Le nombre de participants est limit\u00e9.<\/p><p><a href=\"https:\/\/forms.cloud.microsoft\/Pages\/ResponsePage.aspx?id=DQSIkWdsW0yxEjajBLZtrQAAAAAAAAAAAAMAAM05dGxUNDNPUVhMQTRNQUJNUTRGVEMyMFZFTjVTOC4u\"><b>CLIQUEZ ICI<\/b><\/a><\/p><p>\u00a0<\/p>\t\t\t\t\t\t<\/div>\n\t\t\t\t<\/div>\n\t\t\t\t\t<\/div>\n\t\t<\/div>\n\t\t\t\t\t\t\t<\/div>\n\t\t<\/section>\n\t\t\t\t\t\t\t<\/div>\n\t\t","protected":false},"excerpt":{"rendered":"<p>Stages r\u00e9sidentiels \u00e0 la Maison du Beuvray (71990 St L\u00e9ger sous Beuvray) DU 19 AU 25 AVRIL 2026 :STAGE QIGONG &#8211; Ziran qigong Ouvert \u00e0 tout public, d\u00e9butant, avanc\u00e9 et confirm\u00e9. Tarifs* :Prix du stage : 350\u20ac(couple : 290\u20ac\/personne) H\u00e9bergement en pension compl\u00e8te :en chambre simple: 92.60\u20ac par jour par personneen chambre double: 70.60\u20ac par [&hellip;]<\/p>\n","protected":false},"author":1,"featured_media":0,"parent":0,"menu_order":0,"comment_status":"closed","ping_status":"closed","template":"","meta":{"ocean_post_layout":"","ocean_both_sidebars_style":"","ocean_both_sidebars_content_width":0,"ocean_both_sidebars_sidebars_width":0,"ocean_sidebar":"0","ocean_second_sidebar":"0","ocean_disable_margins":"enable","ocean_add_body_class":"","ocean_shortcode_before_top_bar":"","ocean_shortcode_after_top_bar":"","ocean_shortcode_before_header":"","ocean_shortcode_after_header":"","ocean_has_shortcode":"","ocean_shortcode_after_title":"","ocean_shortcode_before_footer_widgets":"","ocean_shortcode_after_footer_widgets":"","ocean_shortcode_before_footer_bottom":"","ocean_shortcode_after_footer_bottom":"","ocean_display_top_bar":"default","ocean_display_header":"default","ocean_header_style":"","ocean_center_header_left_menu":"0","ocean_custom_header_template":"0","ocean_custom_logo":0,"ocean_custom_retina_logo":0,"ocean_custom_logo_max_width":0,"ocean_custom_logo_tablet_max_width":0,"ocean_custom_logo_mobile_max_width":0,"ocean_custom_logo_max_height":0,"ocean_custom_logo_tablet_max_height":0,"ocean_custom_logo_mobile_max_height":0,"ocean_header_custom_menu":"0","ocean_menu_typo_font_family":"0","ocean_menu_typo_font_subset":"","ocean_menu_typo_font_size":0,"ocean_menu_typo_font_size_tablet":0,"ocean_menu_typo_font_size_mobile":0,"ocean_menu_typo_font_size_unit":"px","ocean_menu_typo_font_weight":"","ocean_menu_typo_font_weight_tablet":"","ocean_menu_typo_font_weight_mobile":"","ocean_menu_typo_transform":"","ocean_menu_typo_transform_tablet":"","ocean_menu_typo_transform_mobile":"","ocean_menu_typo_line_height":0,"ocean_menu_typo_line_height_tablet":0,"ocean_menu_typo_line_height_mobile":0,"ocean_menu_typo_line_height_unit":"","ocean_menu_typo_spacing":0,"ocean_menu_typo_spacing_tablet":0,"ocean_menu_typo_spacing_mobile":0,"ocean_menu_typo_spacing_unit":"","ocean_menu_link_color":"","ocean_menu_link_color_hover":"","ocean_menu_link_color_active":"","ocean_menu_link_background":"","ocean_menu_link_hover_background":"","ocean_menu_link_active_background":"","ocean_menu_social_links_bg":"","ocean_menu_social_hover_links_bg":"","ocean_menu_social_links_color":"","ocean_menu_social_hover_links_color":"","ocean_disable_title":"default","ocean_disable_heading":"default","ocean_post_title":"","ocean_post_subheading":"","ocean_post_title_style":"","ocean_post_title_background_color":"","ocean_post_title_background":0,"ocean_post_title_bg_image_position":"","ocean_post_title_bg_image_attachment":"","ocean_post_title_bg_image_repeat":"","ocean_post_title_bg_image_size":"","ocean_post_title_height":0,"ocean_post_title_bg_overlay":0.5,"ocean_post_title_bg_overlay_color":"","ocean_disable_breadcrumbs":"default","ocean_breadcrumbs_color":"","ocean_breadcrumbs_separator_color":"","ocean_breadcrumbs_links_color":"","ocean_breadcrumbs_links_hover_color":"","ocean_display_footer_widgets":"default","ocean_display_footer_bottom":"default","ocean_custom_footer_template":"0","footnotes":""},"class_list":["post-72","page","type-page","status-publish","hentry","entry"],"yoast_head":"<!-- This site is optimized with the Yoast SEO plugin v24.9 - https:\/\/yoast.com\/wordpress\/plugins\/seo\/ -->\n<title>Les stages r\u00e9sidentiels - Le Souffle de la For\u00eat<\/title>\n<meta name=\"robots\" content=\"index, follow, max-snippet:-1, max-image-preview:large, max-video-preview:-1\" \/>\n<link rel=\"canonical\" href=\"https:\/\/lesouffledelaforet-aemci-esf77.fr\/index.php\/les-stages\/\" \/>\n<meta property=\"og:locale\" content=\"fr_FR\" \/>\n<meta property=\"og:type\" content=\"article\" \/>\n<meta property=\"og:title\" content=\"Les stages r\u00e9sidentiels - Le Souffle de la For\u00eat\" \/>\n<meta property=\"og:description\" content=\"Stages r\u00e9sidentiels \u00e0 la Maison du Beuvray (71990 St L\u00e9ger sous Beuvray) DU 19 AU 25 AVRIL 2026 :STAGE QIGONG &#8211; Ziran qigong Ouvert \u00e0 tout public, d\u00e9butant, avanc\u00e9 et confirm\u00e9. Tarifs* :Prix du stage : 350\u20ac(couple : 290\u20ac\/personne) H\u00e9bergement en pension compl\u00e8te :en chambre simple: 92.60\u20ac par jour par personneen chambre double: 70.60\u20ac par [&hellip;]\" \/>\n<meta property=\"og:url\" content=\"https:\/\/lesouffledelaforet-aemci-esf77.fr\/index.php\/les-stages\/\" \/>\n<meta property=\"og:site_name\" content=\"Le Souffle de la For\u00eat\" \/>\n<meta property=\"article:modified_time\" content=\"2026-01-06T15:58:19+00:00\" \/>\n<meta property=\"og:image\" content=\"http:\/\/lesouffledelaforet-aemci-esf77.fr\/wp-content\/uploads\/2024\/11\/IMG_7521.heic\" \/>\n<meta name=\"twitter:card\" content=\"summary_large_image\" \/>\n<meta name=\"twitter:label1\" content=\"Dur\u00e9e de lecture estim\u00e9e\" \/>\n\t<meta name=\"twitter:data1\" content=\"3 minutes\" \/>\n<script type=\"application\/ld+json\" class=\"yoast-schema-graph\">{\"@context\":\"https:\/\/schema.org\",\"@graph\":[{\"@type\":\"WebPage\",\"@id\":\"https:\/\/lesouffledelaforet-aemci-esf77.fr\/index.php\/les-stages\/\",\"url\":\"https:\/\/lesouffledelaforet-aemci-esf77.fr\/index.php\/les-stages\/\",\"name\":\"Les stages r\u00e9sidentiels - Le Souffle de la For\u00eat\",\"isPartOf\":{\"@id\":\"http:\/\/lesouffledelaforet-aemci-esf77.fr\/#website\"},\"primaryImageOfPage\":{\"@id\":\"https:\/\/lesouffledelaforet-aemci-esf77.fr\/index.php\/les-stages\/#primaryimage\"},\"image\":{\"@id\":\"https:\/\/lesouffledelaforet-aemci-esf77.fr\/index.php\/les-stages\/#primaryimage\"},\"thumbnailUrl\":\"http:\/\/lesouffledelaforet-aemci-esf77.fr\/wp-content\/uploads\/2024\/11\/IMG_7521.heic\",\"datePublished\":\"2016-04-04T11:35:11+00:00\",\"dateModified\":\"2026-01-06T15:58:19+00:00\",\"breadcrumb\":{\"@id\":\"https:\/\/lesouffledelaforet-aemci-esf77.fr\/index.php\/les-stages\/#breadcrumb\"},\"inLanguage\":\"fr-FR\",\"potentialAction\":[{\"@type\":\"ReadAction\",\"target\":[\"https:\/\/lesouffledelaforet-aemci-esf77.fr\/index.php\/les-stages\/\"]}]},{\"@type\":\"ImageObject\",\"inLanguage\":\"fr-FR\",\"@id\":\"https:\/\/lesouffledelaforet-aemci-esf77.fr\/index.php\/les-stages\/#primaryimage\",\"url\":\"http:\/\/lesouffledelaforet-aemci-esf77.fr\/wp-content\/uploads\/2024\/11\/IMG_7521.heic\",\"contentUrl\":\"http:\/\/lesouffledelaforet-aemci-esf77.fr\/wp-content\/uploads\/2024\/11\/IMG_7521.heic\"},{\"@type\":\"BreadcrumbList\",\"@id\":\"https:\/\/lesouffledelaforet-aemci-esf77.fr\/index.php\/les-stages\/#breadcrumb\",\"itemListElement\":[{\"@type\":\"ListItem\",\"position\":1,\"name\":\"Accueil\",\"item\":\"http:\/\/lesouffledelaforet-aemci-esf77.fr\/\"},{\"@type\":\"ListItem\",\"position\":2,\"name\":\"Les stages r\u00e9sidentiels\"}]},{\"@type\":\"WebSite\",\"@id\":\"http:\/\/lesouffledelaforet-aemci-esf77.fr\/#website\",\"url\":\"http:\/\/lesouffledelaforet-aemci-esf77.fr\/\",\"name\":\"Le Souffle de la For\u00eat\",\"description\":\"Section AEMCI de l &#039;ESF 77 :  Art Energ\u00e9tique et Martial Chinois Interne\",\"publisher\":{\"@id\":\"http:\/\/lesouffledelaforet-aemci-esf77.fr\/#organization\"},\"potentialAction\":[{\"@type\":\"SearchAction\",\"target\":{\"@type\":\"EntryPoint\",\"urlTemplate\":\"http:\/\/lesouffledelaforet-aemci-esf77.fr\/?s={search_term_string}\"},\"query-input\":{\"@type\":\"PropertyValueSpecification\",\"valueRequired\":true,\"valueName\":\"search_term_string\"}}],\"inLanguage\":\"fr-FR\"},{\"@type\":\"Organization\",\"@id\":\"http:\/\/lesouffledelaforet-aemci-esf77.fr\/#organization\",\"name\":\"AEMCI ESF\",\"url\":\"http:\/\/lesouffledelaforet-aemci-esf77.fr\/\",\"logo\":{\"@type\":\"ImageObject\",\"inLanguage\":\"fr-FR\",\"@id\":\"http:\/\/lesouffledelaforet-aemci-esf77.fr\/#\/schema\/logo\/image\/\",\"url\":\"http:\/\/lesouffledelaforet-aemci-esf77.fr\/wp-content\/uploads\/2020\/08\/logo_flyer-2.png\",\"contentUrl\":\"http:\/\/lesouffledelaforet-aemci-esf77.fr\/wp-content\/uploads\/2020\/08\/logo_flyer-2.png\",\"width\":464,\"height\":516,\"caption\":\"AEMCI ESF\"},\"image\":{\"@id\":\"http:\/\/lesouffledelaforet-aemci-esf77.fr\/#\/schema\/logo\/image\/\"}}]}<\/script>\n<!-- \/ Yoast SEO plugin. -->","yoast_head_json":{"title":"Les stages r\u00e9sidentiels - Le Souffle de la For\u00eat","robots":{"index":"index","follow":"follow","max-snippet":"max-snippet:-1","max-image-preview":"max-image-preview:large","max-video-preview":"max-video-preview:-1"},"canonical":"https:\/\/lesouffledelaforet-aemci-esf77.fr\/index.php\/les-stages\/","og_locale":"fr_FR","og_type":"article","og_title":"Les stages r\u00e9sidentiels - Le Souffle de la For\u00eat","og_description":"Stages r\u00e9sidentiels \u00e0 la Maison du Beuvray (71990 St L\u00e9ger sous Beuvray) DU 19 AU 25 AVRIL 2026 :STAGE QIGONG &#8211; Ziran qigong Ouvert \u00e0 tout public, d\u00e9butant, avanc\u00e9 et confirm\u00e9. Tarifs* :Prix du stage : 350\u20ac(couple : 290\u20ac\/personne) H\u00e9bergement en pension compl\u00e8te :en chambre simple: 92.60\u20ac par jour par personneen chambre double: 70.60\u20ac par [&hellip;]","og_url":"https:\/\/lesouffledelaforet-aemci-esf77.fr\/index.php\/les-stages\/","og_site_name":"Le Souffle de la For\u00eat","article_modified_time":"2026-01-06T15:58:19+00:00","og_image":[{"url":"http:\/\/lesouffledelaforet-aemci-esf77.fr\/wp-content\/uploads\/2024\/11\/IMG_7521.heic","type":"","width":"","height":""}],"twitter_card":"summary_large_image","twitter_misc":{"Dur\u00e9e de lecture estim\u00e9e":"3 minutes"},"schema":{"@context":"https:\/\/schema.org","@graph":[{"@type":"WebPage","@id":"https:\/\/lesouffledelaforet-aemci-esf77.fr\/index.php\/les-stages\/","url":"https:\/\/lesouffledelaforet-aemci-esf77.fr\/index.php\/les-stages\/","name":"Les stages r\u00e9sidentiels - Le Souffle de la For\u00eat","isPartOf":{"@id":"http:\/\/lesouffledelaforet-aemci-esf77.fr\/#website"},"primaryImageOfPage":{"@id":"https:\/\/lesouffledelaforet-aemci-esf77.fr\/index.php\/les-stages\/#primaryimage"},"image":{"@id":"https:\/\/lesouffledelaforet-aemci-esf77.fr\/index.php\/les-stages\/#primaryimage"},"thumbnailUrl":"http:\/\/lesouffledelaforet-aemci-esf77.fr\/wp-content\/uploads\/2024\/11\/IMG_7521.heic","datePublished":"2016-04-04T11:35:11+00:00","dateModified":"2026-01-06T15:58:19+00:00","breadcrumb":{"@id":"https:\/\/lesouffledelaforet-aemci-esf77.fr\/index.php\/les-stages\/#breadcrumb"},"inLanguage":"fr-FR","potentialAction":[{"@type":"ReadAction","target":["https:\/\/lesouffledelaforet-aemci-esf77.fr\/index.php\/les-stages\/"]}]},{"@type":"ImageObject","inLanguage":"fr-FR","@id":"https:\/\/lesouffledelaforet-aemci-esf77.fr\/index.php\/les-stages\/#primaryimage","url":"http:\/\/lesouffledelaforet-aemci-esf77.fr\/wp-content\/uploads\/2024\/11\/IMG_7521.heic","contentUrl":"http:\/\/lesouffledelaforet-aemci-esf77.fr\/wp-content\/uploads\/2024\/11\/IMG_7521.heic"},{"@type":"BreadcrumbList","@id":"https:\/\/lesouffledelaforet-aemci-esf77.fr\/index.php\/les-stages\/#breadcrumb","itemListElement":[{"@type":"ListItem","position":1,"name":"Accueil","item":"http:\/\/lesouffledelaforet-aemci-esf77.fr\/"},{"@type":"ListItem","position":2,"name":"Les stages r\u00e9sidentiels"}]},{"@type":"WebSite","@id":"http:\/\/lesouffledelaforet-aemci-esf77.fr\/#website","url":"http:\/\/lesouffledelaforet-aemci-esf77.fr\/","name":"Le Souffle de la For\u00eat","description":"Section AEMCI de l &#039;ESF 77 :  Art Energ\u00e9tique et Martial Chinois Interne","publisher":{"@id":"http:\/\/lesouffledelaforet-aemci-esf77.fr\/#organization"},"potentialAction":[{"@type":"SearchAction","target":{"@type":"EntryPoint","urlTemplate":"http:\/\/lesouffledelaforet-aemci-esf77.fr\/?s={search_term_string}"},"query-input":{"@type":"PropertyValueSpecification","valueRequired":true,"valueName":"search_term_string"}}],"inLanguage":"fr-FR"},{"@type":"Organization","@id":"http:\/\/lesouffledelaforet-aemci-esf77.fr\/#organization","name":"AEMCI ESF","url":"http:\/\/lesouffledelaforet-aemci-esf77.fr\/","logo":{"@type":"ImageObject","inLanguage":"fr-FR","@id":"http:\/\/lesouffledelaforet-aemci-esf77.fr\/#\/schema\/logo\/image\/","url":"http:\/\/lesouffledelaforet-aemci-esf77.fr\/wp-content\/uploads\/2020\/08\/logo_flyer-2.png","contentUrl":"http:\/\/lesouffledelaforet-aemci-esf77.fr\/wp-content\/uploads\/2020\/08\/logo_flyer-2.png","width":464,"height":516,"caption":"AEMCI ESF"},"image":{"@id":"http:\/\/lesouffledelaforet-aemci-esf77.fr\/#\/schema\/logo\/image\/"}}]}},"_links":{"self":[{"href":"http:\/\/lesouffledelaforet-aemci-esf77.fr\/index.php\/wp-json\/wp\/v2\/pages\/72","targetHints":{"allow":["GET"]}}],"collection":[{"href":"http:\/\/lesouffledelaforet-aemci-esf77.fr\/index.php\/wp-json\/wp\/v2\/pages"}],"about":[{"href":"http:\/\/lesouffledelaforet-aemci-esf77.fr\/index.php\/wp-json\/wp\/v2\/types\/page"}],"author":[{"embeddable":true,"href":"http:\/\/lesouffledelaforet-aemci-esf77.fr\/index.php\/wp-json\/wp\/v2\/users\/1"}],"replies":[{"embeddable":true,"href":"http:\/\/lesouffledelaforet-aemci-esf77.fr\/index.php\/wp-json\/wp\/v2\/comments?post=72"}],"version-history":[{"count":125,"href":"http:\/\/lesouffledelaforet-aemci-esf77.fr\/index.php\/wp-json\/wp\/v2\/pages\/72\/revisions"}],"predecessor-version":[{"id":5483,"href":"http:\/\/lesouffledelaforet-aemci-esf77.fr\/index.php\/wp-json\/wp\/v2\/pages\/72\/revisions\/5483"}],"wp:attachment":[{"href":"http:\/\/lesouffledelaforet-aemci-esf77.fr\/index.php\/wp-json\/wp\/v2\/media?parent=72"}],"curies":[{"name":"wp","href":"https:\/\/api.w.org\/{rel}","templated":true}]}}