{"id":93,"date":"2016-04-04T14:21:48","date_gmt":"2016-04-04T14:21:48","guid":{"rendered":"http:\/\/127.0.0.1:81\/wordpress\/?page_id=93"},"modified":"2024-08-26T18:31:22","modified_gmt":"2024-08-26T16:31:22","slug":"lieux","status":"publish","type":"page","link":"http:\/\/lesouffledelaforet-aemci-esf77.fr\/index.php\/lieux\/","title":{"rendered":"Lieux"},"content":{"rendered":"\t\t<div data-elementor-type=\"wp-page\" data-elementor-id=\"93\" class=\"elementor elementor-93\">\n\t\t\t\t\t\t\t\t\t<section class=\"elementor-section elementor-top-section elementor-element elementor-element-2f9c794e elementor-section-boxed elementor-section-height-default elementor-section-height-default\" data-id=\"2f9c794e\" data-element_type=\"section\">\n\t\t\t\t\t\t<div class=\"elementor-container elementor-column-gap-default\">\n\t\t\t\t\t<div class=\"elementor-column elementor-col-100 elementor-top-column elementor-element elementor-element-2350292a\" data-id=\"2350292a\" data-element_type=\"column\">\n\t\t\t<div class=\"elementor-widget-wrap elementor-element-populated\">\n\t\t\t\t\t\t\t\t<div class=\"elementor-element elementor-element-3da84eb8 elementor-widget elementor-widget-text-editor\" data-id=\"3da84eb8\" data-element_type=\"widget\" data-widget_type=\"text-editor.default\">\n\t\t\t\t<div class=\"elementor-widget-container\">\n\t\t\t\t\t\t\t<p><span style=\"color: #000000;\"><strong>Voici la liste des diff\u00e9rentes salles dans lesquelles se d\u00e9roulent les cours :<\/strong><\/span><\/p>\n<ul>\n<li><a href=\"http:\/\/lesouffledelaforet-aemci-esf77.fr\/index.php\/salle-polyvalente-damponville-77760\/\" target=\"_blank\" rel=\"noopener noreferrer\"><strong>Salle polyvalente d&rsquo;Amponville&nbsp; (77760)<\/strong><\/a><\/li><\/ul><ul>\n<li><a href=\"http:\/\/lesouffledelaforet-aemci-esf77.fr\/index.php\/lieux-2\/\" target=\"_blank\" rel=\"noopener noreferrer\"><strong>Salle polyvalente d&rsquo;Ury (77760)<\/strong><\/a><\/li>\n<\/ul>\t\t\t\t\t\t<\/div>\n\t\t\t\t<\/div>\n\t\t\t\t\t<\/div>\n\t\t<\/div>\n\t\t\t\t\t\t\t<\/div>\n\t\t<\/section>\n\t\t\t\t\t\t\t<\/div>\n\t\t","protected":false},"excerpt":{"rendered":"<p>Voici la liste des diff\u00e9rentes salles dans lesquelles se d\u00e9roulent les cours : Salle polyvalente d&rsquo;Amponville&nbsp; (77760) Salle polyvalente d&rsquo;Ury (77760)<\/p>\n","protected":false},"author":1,"featured_media":0,"parent":0,"menu_order":0,"comment_status":"closed","ping_status":"closed","template":"","meta":{"ocean_post_layout":"","ocean_both_sidebars_style":"","ocean_both_sidebars_content_width":0,"ocean_both_sidebars_sidebars_width":0,"ocean_sidebar":"0","ocean_second_sidebar":"0","ocean_disable_margins":"enable","ocean_add_body_class":"","ocean_shortcode_before_top_bar":"","ocean_shortcode_after_top_bar":"","ocean_shortcode_before_header":"","ocean_shortcode_after_header":"","ocean_has_shortcode":"","ocean_shortcode_after_title":"","ocean_shortcode_before_footer_widgets":"","ocean_shortcode_after_footer_widgets":"","ocean_shortcode_before_footer_bottom":"","ocean_shortcode_after_footer_bottom":"","ocean_display_top_bar":"default","ocean_display_header":"default","ocean_header_style":"","ocean_center_header_left_menu":"0","ocean_custom_header_template":"0","ocean_custom_logo":0,"ocean_custom_retina_logo":0,"ocean_custom_logo_max_width":0,"ocean_custom_logo_tablet_max_width":0,"ocean_custom_logo_mobile_max_width":0,"ocean_custom_logo_max_height":0,"ocean_custom_logo_tablet_max_height":0,"ocean_custom_logo_mobile_max_height":0,"ocean_header_custom_menu":"0","ocean_menu_typo_font_family":"Montserrat","ocean_menu_typo_font_subset":"","ocean_menu_typo_font_size":0,"ocean_menu_typo_font_size_tablet":0,"ocean_menu_typo_font_size_mobile":0,"ocean_menu_typo_font_size_unit":"px","ocean_menu_typo_font_weight":"","ocean_menu_typo_font_weight_tablet":"","ocean_menu_typo_font_weight_mobile":"","ocean_menu_typo_transform":"","ocean_menu_typo_transform_tablet":"","ocean_menu_typo_transform_mobile":"","ocean_menu_typo_line_height":0,"ocean_menu_typo_line_height_tablet":0,"ocean_menu_typo_line_height_mobile":0,"ocean_menu_typo_line_height_unit":"","ocean_menu_typo_spacing":0,"ocean_menu_typo_spacing_tablet":0,"ocean_menu_typo_spacing_mobile":0,"ocean_menu_typo_spacing_unit":"","ocean_menu_link_color":"","ocean_menu_link_color_hover":"","ocean_menu_link_color_active":"","ocean_menu_link_background":"","ocean_menu_link_hover_background":"","ocean_menu_link_active_background":"","ocean_menu_social_links_bg":"","ocean_menu_social_hover_links_bg":"","ocean_menu_social_links_color":"","ocean_menu_social_hover_links_color":"","ocean_disable_title":"default","ocean_disable_heading":"default","ocean_post_title":"","ocean_post_subheading":"","ocean_post_title_style":"","ocean_post_title_background_color":"","ocean_post_title_background":0,"ocean_post_title_bg_image_position":"","ocean_post_title_bg_image_attachment":"","ocean_post_title_bg_image_repeat":"","ocean_post_title_bg_image_size":"","ocean_post_title_height":0,"ocean_post_title_bg_overlay":0.5,"ocean_post_title_bg_overlay_color":"","ocean_disable_breadcrumbs":"default","ocean_breadcrumbs_color":"","ocean_breadcrumbs_separator_color":"","ocean_breadcrumbs_links_color":"","ocean_breadcrumbs_links_hover_color":"","ocean_display_footer_widgets":"default","ocean_display_footer_bottom":"default","ocean_custom_footer_template":"0","footnotes":""},"class_list":["post-93","page","type-page","status-publish","hentry","entry"],"yoast_head":"<!-- This site is optimized with the Yoast SEO plugin v24.9 - https:\/\/yoast.com\/wordpress\/plugins\/seo\/ -->\n<title>Lieux - Le Souffle de la For\u00eat<\/title>\n<meta name=\"robots\" content=\"index, follow, max-snippet:-1, max-image-preview:large, max-video-preview:-1\" \/>\n<link rel=\"canonical\" href=\"http:\/\/lesouffledelaforet-aemci-esf77.fr\/index.php\/lieux\/\" \/>\n<meta property=\"og:locale\" content=\"fr_FR\" \/>\n<meta property=\"og:type\" content=\"article\" \/>\n<meta property=\"og:title\" content=\"Lieux - Le Souffle de la For\u00eat\" \/>\n<meta property=\"og:description\" content=\"Voici la liste des diff\u00e9rentes salles dans lesquelles se d\u00e9roulent les cours : Salle polyvalente d&rsquo;Amponville&nbsp; (77760) Salle polyvalente d&rsquo;Ury (77760)\" \/>\n<meta property=\"og:url\" content=\"http:\/\/lesouffledelaforet-aemci-esf77.fr\/index.php\/lieux\/\" \/>\n<meta property=\"og:site_name\" content=\"Le Souffle de la For\u00eat\" \/>\n<meta property=\"article:modified_time\" content=\"2024-08-26T16:31:22+00:00\" \/>\n<meta property=\"og:image\" content=\"https:\/\/www.facebook.com\/LeSouffleDeLaForet\/\" \/>\n<meta name=\"twitter:card\" content=\"summary_large_image\" \/>\n<meta name=\"twitter:label1\" content=\"Dur\u00e9e de lecture estim\u00e9e\" \/>\n\t<meta name=\"twitter:data1\" content=\"1 minute\" \/>\n<script type=\"application\/ld+json\" class=\"yoast-schema-graph\">{\"@context\":\"https:\/\/schema.org\",\"@graph\":[{\"@type\":\"WebPage\",\"@id\":\"http:\/\/lesouffledelaforet-aemci-esf77.fr\/index.php\/lieux\/\",\"url\":\"http:\/\/lesouffledelaforet-aemci-esf77.fr\/index.php\/lieux\/\",\"name\":\"Lieux - Le Souffle de la For\u00eat\",\"isPartOf\":{\"@id\":\"http:\/\/lesouffledelaforet-aemci-esf77.fr\/#website\"},\"datePublished\":\"2016-04-04T14:21:48+00:00\",\"dateModified\":\"2024-08-26T16:31:22+00:00\",\"breadcrumb\":{\"@id\":\"http:\/\/lesouffledelaforet-aemci-esf77.fr\/index.php\/lieux\/#breadcrumb\"},\"inLanguage\":\"fr-FR\",\"potentialAction\":[{\"@type\":\"ReadAction\",\"target\":[\"http:\/\/lesouffledelaforet-aemci-esf77.fr\/index.php\/lieux\/\"]}]},{\"@type\":\"BreadcrumbList\",\"@id\":\"http:\/\/lesouffledelaforet-aemci-esf77.fr\/index.php\/lieux\/#breadcrumb\",\"itemListElement\":[{\"@type\":\"ListItem\",\"position\":1,\"name\":\"Accueil\",\"item\":\"http:\/\/lesouffledelaforet-aemci-esf77.fr\/\"},{\"@type\":\"ListItem\",\"position\":2,\"name\":\"Lieux\"}]},{\"@type\":\"WebSite\",\"@id\":\"http:\/\/lesouffledelaforet-aemci-esf77.fr\/#website\",\"url\":\"http:\/\/lesouffledelaforet-aemci-esf77.fr\/\",\"name\":\"Le Souffle de la For\u00eat\",\"description\":\"Section AEMCI de l &#039;ESF 77 :  Art Energ\u00e9tique et Martial Chinois Interne\",\"publisher\":{\"@id\":\"http:\/\/lesouffledelaforet-aemci-esf77.fr\/#organization\"},\"potentialAction\":[{\"@type\":\"SearchAction\",\"target\":{\"@type\":\"EntryPoint\",\"urlTemplate\":\"http:\/\/lesouffledelaforet-aemci-esf77.fr\/?s={search_term_string}\"},\"query-input\":{\"@type\":\"PropertyValueSpecification\",\"valueRequired\":true,\"valueName\":\"search_term_string\"}}],\"inLanguage\":\"fr-FR\"},{\"@type\":\"Organization\",\"@id\":\"http:\/\/lesouffledelaforet-aemci-esf77.fr\/#organization\",\"name\":\"AEMCI ESF\",\"url\":\"http:\/\/lesouffledelaforet-aemci-esf77.fr\/\",\"logo\":{\"@type\":\"ImageObject\",\"inLanguage\":\"fr-FR\",\"@id\":\"http:\/\/lesouffledelaforet-aemci-esf77.fr\/#\/schema\/logo\/image\/\",\"url\":\"http:\/\/lesouffledelaforet-aemci-esf77.fr\/wp-content\/uploads\/2020\/08\/logo_flyer-2.png\",\"contentUrl\":\"http:\/\/lesouffledelaforet-aemci-esf77.fr\/wp-content\/uploads\/2020\/08\/logo_flyer-2.png\",\"width\":464,\"height\":516,\"caption\":\"AEMCI ESF\"},\"image\":{\"@id\":\"http:\/\/lesouffledelaforet-aemci-esf77.fr\/#\/schema\/logo\/image\/\"}}]}<\/script>\n<!-- \/ Yoast SEO plugin. -->","yoast_head_json":{"title":"Lieux - Le Souffle de la For\u00eat","robots":{"index":"index","follow":"follow","max-snippet":"max-snippet:-1","max-image-preview":"max-image-preview:large","max-video-preview":"max-video-preview:-1"},"canonical":"http:\/\/lesouffledelaforet-aemci-esf77.fr\/index.php\/lieux\/","og_locale":"fr_FR","og_type":"article","og_title":"Lieux - Le Souffle de la For\u00eat","og_description":"Voici la liste des diff\u00e9rentes salles dans lesquelles se d\u00e9roulent les cours : Salle polyvalente d&rsquo;Amponville&nbsp; (77760) Salle polyvalente d&rsquo;Ury (77760)","og_url":"http:\/\/lesouffledelaforet-aemci-esf77.fr\/index.php\/lieux\/","og_site_name":"Le Souffle de la For\u00eat","article_modified_time":"2024-08-26T16:31:22+00:00","og_image":[{"url":"https:\/\/www.facebook.com\/LeSouffleDeLaForet\/","type":"","width":"","height":""}],"twitter_card":"summary_large_image","twitter_misc":{"Dur\u00e9e de lecture estim\u00e9e":"1 minute"},"schema":{"@context":"https:\/\/schema.org","@graph":[{"@type":"WebPage","@id":"http:\/\/lesouffledelaforet-aemci-esf77.fr\/index.php\/lieux\/","url":"http:\/\/lesouffledelaforet-aemci-esf77.fr\/index.php\/lieux\/","name":"Lieux - Le Souffle de la For\u00eat","isPartOf":{"@id":"http:\/\/lesouffledelaforet-aemci-esf77.fr\/#website"},"datePublished":"2016-04-04T14:21:48+00:00","dateModified":"2024-08-26T16:31:22+00:00","breadcrumb":{"@id":"http:\/\/lesouffledelaforet-aemci-esf77.fr\/index.php\/lieux\/#breadcrumb"},"inLanguage":"fr-FR","potentialAction":[{"@type":"ReadAction","target":["http:\/\/lesouffledelaforet-aemci-esf77.fr\/index.php\/lieux\/"]}]},{"@type":"BreadcrumbList","@id":"http:\/\/lesouffledelaforet-aemci-esf77.fr\/index.php\/lieux\/#breadcrumb","itemListElement":[{"@type":"ListItem","position":1,"name":"Accueil","item":"http:\/\/lesouffledelaforet-aemci-esf77.fr\/"},{"@type":"ListItem","position":2,"name":"Lieux"}]},{"@type":"WebSite","@id":"http:\/\/lesouffledelaforet-aemci-esf77.fr\/#website","url":"http:\/\/lesouffledelaforet-aemci-esf77.fr\/","name":"Le Souffle de la For\u00eat","description":"Section AEMCI de l &#039;ESF 77 :  Art Energ\u00e9tique et Martial Chinois Interne","publisher":{"@id":"http:\/\/lesouffledelaforet-aemci-esf77.fr\/#organization"},"potentialAction":[{"@type":"SearchAction","target":{"@type":"EntryPoint","urlTemplate":"http:\/\/lesouffledelaforet-aemci-esf77.fr\/?s={search_term_string}"},"query-input":{"@type":"PropertyValueSpecification","valueRequired":true,"valueName":"search_term_string"}}],"inLanguage":"fr-FR"},{"@type":"Organization","@id":"http:\/\/lesouffledelaforet-aemci-esf77.fr\/#organization","name":"AEMCI ESF","url":"http:\/\/lesouffledelaforet-aemci-esf77.fr\/","logo":{"@type":"ImageObject","inLanguage":"fr-FR","@id":"http:\/\/lesouffledelaforet-aemci-esf77.fr\/#\/schema\/logo\/image\/","url":"http:\/\/lesouffledelaforet-aemci-esf77.fr\/wp-content\/uploads\/2020\/08\/logo_flyer-2.png","contentUrl":"http:\/\/lesouffledelaforet-aemci-esf77.fr\/wp-content\/uploads\/2020\/08\/logo_flyer-2.png","width":464,"height":516,"caption":"AEMCI ESF"},"image":{"@id":"http:\/\/lesouffledelaforet-aemci-esf77.fr\/#\/schema\/logo\/image\/"}}]}},"_links":{"self":[{"href":"http:\/\/lesouffledelaforet-aemci-esf77.fr\/index.php\/wp-json\/wp\/v2\/pages\/93","targetHints":{"allow":["GET"]}}],"collection":[{"href":"http:\/\/lesouffledelaforet-aemci-esf77.fr\/index.php\/wp-json\/wp\/v2\/pages"}],"about":[{"href":"http:\/\/lesouffledelaforet-aemci-esf77.fr\/index.php\/wp-json\/wp\/v2\/types\/page"}],"author":[{"embeddable":true,"href":"http:\/\/lesouffledelaforet-aemci-esf77.fr\/index.php\/wp-json\/wp\/v2\/users\/1"}],"replies":[{"embeddable":true,"href":"http:\/\/lesouffledelaforet-aemci-esf77.fr\/index.php\/wp-json\/wp\/v2\/comments?post=93"}],"version-history":[{"count":31,"href":"http:\/\/lesouffledelaforet-aemci-esf77.fr\/index.php\/wp-json\/wp\/v2\/pages\/93\/revisions"}],"predecessor-version":[{"id":5412,"href":"http:\/\/lesouffledelaforet-aemci-esf77.fr\/index.php\/wp-json\/wp\/v2\/pages\/93\/revisions\/5412"}],"wp:attachment":[{"href":"http:\/\/lesouffledelaforet-aemci-esf77.fr\/index.php\/wp-json\/wp\/v2\/media?parent=93"}],"curies":[{"name":"wp","href":"https:\/\/api.w.org\/{rel}","templated":true}]}}